{"id":1728,"date":"2023-09-21T09:47:15","date_gmt":"2023-09-21T07:47:15","guid":{"rendered":"http:\/\/localhost\/ueber-uns\/karriere\/"},"modified":"2026-03-03T15:21:23","modified_gmt":"2026-03-03T14:21:23","slug":"career","status":"publish","type":"page","link":"https:\/\/www.ams-europe.com\/de\/about-us\/career\/","title":{"rendered":"Karriere"},"content":{"rendered":"<p>[et_pb_section fb_built=&#8220;1&#8243; admin_label=&#8220;Features&#8220; _builder_version=&#8220;4.23.4&#8243; _module_preset=&#8220;b0033daa-587e-4df5-8923-84a88e7f878e&#8220; custom_padding=&#8220;5px||2px|||&#8220; da_disable_devices=&#8220;off|off|off&#8220; locked=&#8220;off&#8220; global_colors_info=&#8220;{}&#8220; da_is_popup=&#8220;off&#8220; da_exit_intent=&#8220;off&#8220; da_has_close=&#8220;on&#8220; da_alt_close=&#8220;off&#8220; da_dark_close=&#8220;off&#8220; da_not_modal=&#8220;on&#8220; da_is_singular=&#8220;off&#8220; da_with_loader=&#8220;off&#8220; da_has_shadow=&#8220;on&#8220;][et_pb_row column_structure=&#8220;2_3,1_3&#8243; _builder_version=&#8220;4.16&#8243; global_colors_info=&#8220;{}&#8220;][et_pb_column type=&#8220;2_3&#8243; _builder_version=&#8220;4.16&#8243; custom_padding=&#8220;|||&#8220; global_colors_info=&#8220;{}&#8220; custom_padding__hover=&#8220;|||&#8220;][et_pb_text _builder_version=&#8220;4.27.4&#8243; _module_preset=&#8220;d5651242-e781-4e1c-b900-5b8fc65a80bf&#8220; text_line_height=&#8220;2em&#8220; header_2_font=&#8220;Rubik|500||on|||||&#8220; header_2_text_color=&#8220;#ff8f00&#8243; header_2_font_size=&#8220;14px&#8220; header_2_letter_spacing=&#8220;1px&#8220; header_2_line_height=&#8220;1.5em&#8220; header_3_font=&#8220;Rubik|500|||||||&#8220; header_3_font_size=&#8220;38px&#8220; header_3_line_height=&#8220;1.4em&#8220; custom_padding=&#8220;0px|||1px||&#8220; header_2_font_size_tablet=&#8220;42px&#8220; header_2_font_size_phone=&#8220;32px&#8220; header_2_font_size_last_edited=&#8220;off|desktop&#8220; header_3_font_size_tablet=&#8220;28px&#8220; header_3_font_size_phone=&#8220;20px&#8220; locked=&#8220;off&#8220; global_colors_info=&#8220;{}&#8220;]<\/p>\n<h4><\/h4>\n<h1>Willkommen bei <strong><em>AMS<\/em><\/strong> &#8211; wo Ihre Arbeit z\u00e4hlt<\/h1>\n<p>Seit \u00fcber 25 Jahren begleiten wir nationale und internationale Projekte in der Pharma- und Gesundheitsbranche. Gemeinsam bringen wir Arzneimittel und Medizinprodukte erfolgreich auf den Weg &#8211; von der klinischen Entwicklung bis zur Markteinf\u00fchrung und dar\u00fcber hinaus.<br \/>Bei <strong><em>AMS<\/em><\/strong> erwartet Sie ein engagiertes, interdisziplin\u00e4res Team, flache Hierarchien und eine wertsch\u00e4tzende Zusammenarbeit.<br \/>Werden Sie Teil von <strong><em>AMS<\/em><\/strong> &#8211; und leisten Sie einen Beitrag zur Gesundheit von morgen.<\/p>\n<p>&nbsp;<\/p>\n<p>&nbsp;<\/p>\n<p>[\/et_pb_text][dipi_balloon selector=&#8220;.ams-serviceexpert-panel&#8220; ballon_placement=&#8220;left&#8220; ballon_animation=&#8220;fadeInLeft&#8220; balloon_image_width=&#8220;200px&#8220; balloon_title=&#8220;Andreas Brandl&#8220; balloon_description=&#8220;<\/p>\n<p><em>Pharmaceutical Development &#038; Project Manager<\/em><\/p>\n<p>Mit \u00fcber 30 Jahren Erfahrung im Vertrieb in unterschiedlichen F\u00fchrungspositionen, national wie international bei namhaften Unternehmen wie Bertelsmann und Universal, sowie \u00fcber 15 Jahren Erfahrung im Pharmavertrieb und Management bei renommierten Unternehmen wie Alcon Pharma und STADA ist Andreas Ihr Experte f\u00fcr die Rekrutierung von Fach- und F\u00fchrungskr\u00e4ften im Healthcare-Bereich.<\/p>\n<p>Als gepr\u00fcfter Pharmareferant nach \u00a7 75 AMG verf\u00fcgt Andreas Brandl \u00fcber fundiertes Fachwissen und hat zahlreiche Projekte zur Verbesserung der Wettbewerbsf\u00e4higkeit und Effizienz von Vertriebsstrukturen geleitet und zum erfolgreichen Abschluss gebracht. Sein breites Netzwerk an Kontakten zu Fach- und F\u00fchrungskr\u00e4ften in der Pharma- und Medizintechnikbranche erm\u00f6glicht es ihm, ma\u00dfgeschneiderte L\u00f6sungen f\u00fcr Ihre Personalbed\u00fcrfnisse zu entwickeln. Als Teil von <em><strong>AMS<\/strong><\/em> Personaldienstleistungen bietet er Ihnen diese L\u00f6sungen aus einer Hand.<\/p>\n<p>&#8220; module_class=&#8220;ams-serviceexpert-ballon &#8220; _builder_version=&#8220;4.27.4&#8243; _module_preset=&#8220;default&#8220; balloon_title_text_color=&#8220;gcid-1543c0c0-fc66-45fc-859c-18eb6cdbc07b&#8220; balloon_description_text_color=&#8220;gcid-1543c0c0-fc66-45fc-859c-18eb6cdbc07b&#8220; use_background_color_gradient=&#8220;on&#8220; background_color_gradient_direction=&#8220;90deg&#8220; background_color_gradient_stops=&#8220;#3c82a8 0%|#004e75 100%&#8220; custom_padding=&#8220;3em||2em||false|false&#8220; border_radii=&#8220;on|1em|1em|1em|1em&#8220; border_radii_balloon_img=&#8220;on|1em|1em|1em|1em&#8220; border_color_all_balloon_img=&#8220;RGBA(255,255,255,0)&#8220; locked=&#8220;off&#8220; global_colors_info=&#8220;{%22gcid-1543c0c0-fc66-45fc-859c-18eb6cdbc07b%22:%91%22balloon_title_text_color%22,%22balloon_description_text_color%22%93}&#8220;][\/dipi_balloon][\/et_pb_column][et_pb_column type=&#8220;1_3&#8243; module_class=&#8220;ams-serviceexpert-panel&#8220; _builder_version=&#8220;4.16&#8243; background_color=&#8220;#004E75&#8243; use_background_color_gradient=&#8220;on&#8220; background_color_gradient_direction=&#8220;270deg&#8220; background_color_gradient_stops=&#8220;gcid-80d13553-8301-4214-b254-781099ffdfd3 0%|#004e75 98%&#8220; background_enable_image=&#8220;off&#8220; background_position=&#8220;bottom_right&#8220; background_horizontal_offset=&#8220;50%&#8220; background_vertical_offset=&#8220;50%&#8220; custom_padding=&#8220;2em|2em|2em|2em|false|false&#8220; border_radii=&#8220;on|20px|20px|20px|20px&#8220; box_shadow_style=&#8220;preset3&#8243; global_colors_info=&#8220;{%22gcid-80d13553-8301-4214-b254-781099ffdfd3%22:%91%22background_color_gradient_stops%22%93}&#8220; custom_padding__hover=&#8220;|||&#8220;][et_pb_text admin_label=&#8220;Expert &#8211; Text&#8220; _builder_version=&#8220;4.27.4&#8243; _module_preset=&#8220;cd2ad163-c93f-44f6-b7d8-dd85780abf76&#8243; locked=&#8220;off&#8220; global_colors_info=&#8220;{}&#8220;]<\/p>\n<p style=\"text-align: center;\">Unser Ansprechpartner<\/p>\n<p>[\/et_pb_text][et_pb_team_member name=&#8220;Andreas Brandl&#8220; position=&#8220;Development &#038; Project Manager&#8220; image_url=&#8220;https:\/\/www.ams-europe.com\/wp-content\/uploads\/2026\/03\/brandl-andreas.jpg&#8220; admin_label=&#8220;Expert &#8211; Pic&#8220; _builder_version=&#8220;4.27.6&#8243; _module_preset=&#8220;35d45859-5b60-4988-b801-bf878a115189&#8243; header_font=&#8220;|600|||||||&#8220; header_text_color=&#8220;gcid-1543c0c0-fc66-45fc-859c-18eb6cdbc07b&#8220; header_font_size=&#8220;23px&#8220; body_text_color=&#8220;#C9EEFB&#8220; position_text_align=&#8220;center&#8220; position_text_color=&#8220;gcid-1543c0c0-fc66-45fc-859c-18eb6cdbc07b&#8220; background_enable_color=&#8220;off&#8220; module_alignment=&#8220;left&#8220; custom_padding=&#8220;1em|1em||1em|false|false&#8220; border_radii_image=&#8220;on|1em|1em|1em|1em&#8220; box_shadow_color_image=&#8220;gcid-b3d81f63-a079-4cba-9baf-5de18b24c75c&#8220; locked=&#8220;off&#8220; global_colors_info=&#8220;{%22gcid-1543c0c0-fc66-45fc-859c-18eb6cdbc07b%22:%91%22header_text_color%22,%22position_text_color%22%93,%22gcid-b3d81f63-a079-4cba-9baf-5de18b24c75c%22:%91%22box_shadow_color_image%22%93}&#8220; alt=&#8220;Brandl andreas&#8220; title_text=&#8220;brandl-andreas&#8220;][\/et_pb_team_member][et_pb_button button_url=&#8220;mailto:Recruiting-Team@ams-europe.com&#8220; button_text=&#8220;Kontakt&#8220; button_alignment=&#8220;center&#8220; admin_label=&#8220;Expert &#8211; Button&#8220; _builder_version=&#8220;4.27.4&#8243; _module_preset=&#8220;0e1d5a6d-a26b-4e21-bc28-4d0ec17e6acc&#8220; locked=&#8220;off&#8220; global_colors_info=&#8220;{}&#8220;][\/et_pb_button][\/et_pb_column][\/et_pb_row][et_pb_row _builder_version=&#8220;4.22.1&#8243; _module_preset=&#8220;default&#8220; global_colors_info=&#8220;{}&#8220;][et_pb_column type=&#8220;4_4&#8243; _builder_version=&#8220;4.22.1&#8243; _module_preset=&#8220;default&#8220; global_colors_info=&#8220;{}&#8220;][et_pb_divider _builder_version=&#8220;4.22.1&#8243; _module_preset=&#8220;47080492-1ef8-488d-a841-073799469655&#8243; global_colors_info=&#8220;{}&#8220;][\/et_pb_divider][\/et_pb_column][\/et_pb_row][et_pb_row column_structure=&#8220;1_2,1_2&#8243; _builder_version=&#8220;4.23.4&#8243; _module_preset=&#8220;default&#8220; custom_margin=&#8220;-18px|auto||auto||&#8220; global_colors_info=&#8220;{}&#8220;][et_pb_column type=&#8220;1_2&#8243; _builder_version=&#8220;4.23.4&#8243; _module_preset=&#8220;default&#8220; global_colors_info=&#8220;{}&#8220;][et_pb_cta title=&#8220;Unsere Stellenangebote&#8220; button_url=&#8220;@ET-DC@eyJkeW5hbWljIjp0cnVlLCJjb250ZW50IjoicG9zdF9saW5rX3VybF9wYWdlIiwic2V0dGluZ3MiOnsicG9zdF9pZCI6IjE3MzEifX0=@&#8220; button_text=&#8220;Weitere Informationen&#8220; _builder_version=&#8220;4.27.4&#8243; _dynamic_attributes=&#8220;button_url&#8220; _module_preset=&#8220;c70774f9-4d6f-49ab-abd9-f1b839b9ba2c&#8220; scroll_horizontal_motion=&#8220;0|10|100|100|4|0|0&#8243; button_letter_spacing_hover=&#8220;1px&#8220; locked=&#8220;off&#8220; global_colors_info=&#8220;{}&#8220; button_one_text_size__hover_enabled=&#8220;off&#8220; button_two_text_size__hover_enabled=&#8220;off&#8220; button_one_text_color__hover_enabled=&#8220;off&#8220; button_two_text_color__hover_enabled=&#8220;off&#8220; button_one_border_width__hover_enabled=&#8220;off&#8220; button_two_border_width__hover_enabled=&#8220;off&#8220; button_one_border_color__hover_enabled=&#8220;off&#8220; button_two_border_color__hover_enabled=&#8220;off&#8220; button_one_border_radius__hover_enabled=&#8220;off&#8220; button_two_border_radius__hover_enabled=&#8220;off&#8220; button_one_letter_spacing__hover_enabled=&#8220;off&#8220; button_two_letter_spacing__hover_enabled=&#8220;off&#8220; button_one_bg_color__hover_enabled=&#8220;off&#8220; button_two_bg_color__hover_enabled=&#8220;off&#8220;]<\/p>\n<p>Werden Sie Teil unseres engagierten Teams &#8211; und gestalten Sie mit uns und unseren Kunden und Kundinnen die Zukunft der Gesundheit.<\/p>\n<p>Erkunden Sie Ihre beruflichen Optionen.<\/p>\n<p>[\/et_pb_cta][\/et_pb_column][et_pb_column type=&#8220;1_2&#8243; _builder_version=&#8220;4.23.4&#8243; _module_preset=&#8220;default&#8220; global_colors_info=&#8220;{}&#8220;][et_pb_cta title=&#8220;AMS Freelancer Portal &#8220; button_url=&#8220;#Freelancers&#8220; button_text=&#8220;Weitere Informationen&#8220; _builder_version=&#8220;4.27.4&#8243; _module_preset=&#8220;c70774f9-4d6f-49ab-abd9-f1b839b9ba2c&#8220; link_option_url=&#8220;#Freelancers&#8220; scroll_horizontal_motion=&#8220;0|10|100|100|4|0|0&#8243; button_letter_spacing_hover=&#8220;1px&#8220; locked=&#8220;off&#8220; global_colors_info=&#8220;{}&#8220; button_one_text_size__hover_enabled=&#8220;off&#8220; button_two_text_size__hover_enabled=&#8220;off&#8220; button_one_text_color__hover_enabled=&#8220;off&#8220; button_two_text_color__hover_enabled=&#8220;off&#8220; button_one_border_width__hover_enabled=&#8220;off&#8220; button_two_border_width__hover_enabled=&#8220;off&#8220; button_one_border_color__hover_enabled=&#8220;off&#8220; button_two_border_color__hover_enabled=&#8220;off&#8220; button_one_border_radius__hover_enabled=&#8220;off&#8220; button_two_border_radius__hover_enabled=&#8220;off&#8220; button_one_letter_spacing__hover_enabled=&#8220;off&#8220; button_two_letter_spacing__hover_enabled=&#8220;off&#8220; button_one_bg_color__hover_enabled=&#8220;off&#8220; button_two_bg_color__hover_enabled=&#8220;off&#8220;]<\/p>\n<p>Sie m\u00f6chten selbst\u00e4ndig im Au\u00dfendienst (Praxis, Klinik, Apotheke und andere Einrichtungen) t\u00e4tig sein?<\/p>\n<p>Das\u00a0<strong><em>AMS<\/em><\/strong>-Freelancer-Portal richtet sich an Selbstst\u00e4ndige insbesondere im pharmazeutischen Au\u00dfendienst oder im Medizinprodukteau\u00dfendienst, die auf Tagessatz- bzw. Stundensatzbasis oder nach Preis pro Call arbeiten, sowie an bisherige angestellte Au\u00dfendienstmitarbeitende aus diesen Bereichen, die sich in den genannten T\u00e4tigkeitsfeldern selbstst\u00e4ndig machen wollen.<\/p>\n<p>[\/et_pb_cta][\/et_pb_column][\/et_pb_row][et_pb_row _builder_version=&#8220;4.24.0&#8243; _module_preset=&#8220;default&#8220; global_colors_info=&#8220;{}&#8220;][et_pb_column type=&#8220;4_4&#8243; _builder_version=&#8220;4.24.0&#8243; _module_preset=&#8220;default&#8220; global_colors_info=&#8220;{}&#8220;][dipi_expanding_cta content_title=&#8220;Kontakt&#8220; content_description=&#8220;<\/p>\n<p>Unser Team bei <em><strong>AMS<\/strong><\/em> freut sich auf Ihre Anfrage. Bitte z\u00f6gern Sie nicht, sich mit uns in Verbindung zu setzen.<\/p>\n<p>&#8220; content_button_text=&#8220;recruiting-team@ams-europe.com&#8220; content_button_link=&#8220;mailto:recruiting-team@ams-europe.com&#8220; second_button_text=&#8220;Telefon: +49 (0)621-700 95-333&#8243; second_button_link=&#8220;tel:+4962170095333&#8243; container_padding_tablet=&#8220;&#8220; container_padding_phone=&#8220;&#8220; container_padding_last_edited=&#8220;on|tablet&#8220; _builder_version=&#8220;4.27.4&#8243; _module_preset=&#8220;c6887d3d-d46f-4466-8ee5-799370de29be&#8220; background_last_edited=&#8220;on|tablet&#8220; background_enable_image_tablet=&#8220;off&#8220; background_size_phone=&#8220;contain&#8220; background_vertical_offset_phone=&#8220;0%&#8220; locked=&#8220;off&#8220; global_colors_info=&#8220;{%22gcid-251f80c9-1c09-41b2-b627-a432583ed076%22:%91%22background_color_gradient_stops%22,%22background_color_gradient_stops%22,%22background_color_gradient_stops%22,%22background_color_gradient_stops%22,%22background_color_gradient_stops%22,%22background_color_gradient_stops%22%93,%22gcid-2f3bfbab-4898-449e-a1fb-53132eb3470f%22:%91%22background_color_gradient_stops%22,%22background_color_gradient_stops%22,%22background_color_gradient_stops%22,%22background_color_gradient_stops%22,%22background_color_gradient_stops%22,%22background_color_gradient_stops%22%93,%22gcid-056fad13-7523-4771-a3cd-ea131b928fa9%22:%91%22background_color_gradient_stops%22,%22background_color_gradient_stops%22,%22background_color_gradient_stops%22,%22background_color_gradient_stops%22,%22background_color_gradient_stops%22,%22background_color_gradient_stops%22%93,%22gcid-e953896c-2ebc-4943-bbfd-26fb1c1260bf%22:%91%22background_color_gradient_stops%22,%22overlay_bg_color_gradient_stops%22,%22content_button_bg_color%22%93,%22gcid-1543c0c0-fc66-45fc-859c-18eb6cdbc07b%22:%91%22content_title_text_color%22,%22content_desc_text_color%22,%22content_title_text_color%22,%22content_desc_text_color%22,%22content_title_text_color%22,%22content_desc_text_color%22,%22content_title_text_color%22,%22content_desc_text_color%22,%22content_title_text_color%22,%22content_desc_text_color%22,%22content_title_text_color%22,%22content_desc_text_color%22,%22content_title_text_color%22%93,%22gcid-80d13553-8301-4214-b254-781099ffdfd3%22:%91%22overlay_bg_color%22,%22overlay_bg_color%22,%22overlay_bg_color%22,%22overlay_bg_color%22,%22overlay_bg_color%22,%22overlay_bg_color%22,%22overlay_bg_color%22%93}&#8220;][\/dipi_expanding_cta][\/et_pb_column][\/et_pb_row][\/et_pb_section][et_pb_section fb_built=&#8220;1&#8243; admin_label=&#8220;Freelancers&#8220; module_id=&#8220;Freelancers&#8220; _builder_version=&#8220;4.27.4&#8243; _module_preset=&#8220;7504119b-3021-4464-911e-ee701d021e67&#8243; da_popup_slug=&#8220;Freelancers&#8220; da_disable_devices=&#8220;off|off|off&#8220; locked=&#8220;off&#8220; global_colors_info=&#8220;{}&#8220; da_is_popup=&#8220;off&#8220; da_exit_intent=&#8220;off&#8220; da_has_close=&#8220;on&#8220; da_alt_close=&#8220;off&#8220; da_dark_close=&#8220;off&#8220; da_not_modal=&#8220;on&#8220; da_is_singular=&#8220;off&#8220; da_with_loader=&#8220;off&#8220; da_has_shadow=&#8220;on&#8220;][et_pb_row _builder_version=&#8220;4.24.0&#8243; _module_preset=&#8220;6ce8c84c-f2b7-4462-b647-177b63d43c0e&#8220; global_colors_info=&#8220;{}&#8220;][et_pb_column type=&#8220;4_4&#8243; _builder_version=&#8220;4.24.0&#8243; _module_preset=&#8220;default&#8220; global_colors_info=&#8220;{}&#8220;][et_pb_text _builder_version=&#8220;4.27.4&#8243; _module_preset=&#8220;cd2ad163-c93f-44f6-b7d8-dd85780abf76&#8243; locked=&#8220;off&#8220; global_colors_info=&#8220;{}&#8220;]<\/p>\n<h3><strong><em>AMS<\/em><\/strong> Freelancer-Portal\u00a0<\/h3>\n<p>[\/et_pb_text][\/et_pb_column][\/et_pb_row][et_pb_row column_structure=&#8220;3_5,2_5&#8243; _builder_version=&#8220;4.24.0&#8243; _module_preset=&#8220;default&#8220; custom_margin=&#8220;||0px||false|false&#8220; locked=&#8220;off&#8220; global_colors_info=&#8220;{}&#8220;][et_pb_column type=&#8220;3_5&#8243; _builder_version=&#8220;4.22.1&#8243; _module_preset=&#8220;default&#8220; global_colors_info=&#8220;{}&#8220;][et_pb_text _builder_version=&#8220;4.27.4&#8243; _module_preset=&#8220;cd2ad163-c93f-44f6-b7d8-dd85780abf76&#8243; global_colors_info=&#8220;{}&#8220;]<\/p>\n<h3>Wer kann sich registrieren?<\/h3>\n<div>\n<p>Sie m\u00f6chten selbst\u00e4ndig im Au\u00dfendienst (Praxis, Klinik, Apotheke und andere Einrichtungen) t\u00e4tig sein?<\/p>\n<p>Das\u00a0<strong><em>AMS <\/em>Freelancer-Portal<\/strong> richtet sich an Selbstst\u00e4ndige insbesondere im pharmazeutischen Au\u00dfendienst oder im Medizinprodukteau\u00dfendienst, die auf Tagessatz- bzw. Stundensatzbasis oder nach Preis pro Call arbeiten, sowie an bisherige angestellte Au\u00dfendienstmitarbeitende aus diesen Bereichen, die sich in den genannten T\u00e4tigkeitsfeldern selbstst\u00e4ndig machen wollen.<\/p>\n<\/div>\n<p>&nbsp;<\/p>\n<ul><\/ul>\n<p>[\/et_pb_text][\/et_pb_column][et_pb_column type=&#8220;2_5&#8243; _builder_version=&#8220;4.22.1&#8243; _module_preset=&#8220;default&#8220; global_colors_info=&#8220;{}&#8220;][et_pb_image src=&#8220;\/wp-content\/uploads\/2024\/08\/FreelancePortal-2.jpg&#8220; title_text=&#8220;Woman giving a speech on seminar for doctors&#8220; _builder_version=&#8220;4.24.0&#8243; _module_preset=&#8220;default&#8220; global_colors_info=&#8220;{}&#8220;][\/et_pb_image][\/et_pb_column][\/et_pb_row][et_pb_row _builder_version=&#8220;4.24.0&#8243; _module_preset=&#8220;default&#8220; global_colors_info=&#8220;{}&#8220;][et_pb_column type=&#8220;4_4&#8243; _builder_version=&#8220;4.24.0&#8243; _module_preset=&#8220;default&#8220; global_colors_info=&#8220;{}&#8220;][et_pb_text _builder_version=&#8220;4.27.4&#8243; _module_preset=&#8220;cd2ad163-c93f-44f6-b7d8-dd85780abf76&#8243; global_colors_info=&#8220;{}&#8220;]<\/p>\n<h3><\/h3>\n<h3>Was ben\u00f6tigen Sie um als Freelancer arbeiten zu k\u00f6nnen?<\/h3>\n<ul>\n<li>Erfahrung im pharmazeutischen Au\u00dfendienst oder im Medizinprodukteau\u00dfendienst (auch NEM, Kosmetik, Sanit\u00e4tsprodukte)<\/li>\n<li>Gewerbeschein<\/li>\n<li>F\u00fchrerschein und eigenen PKW<\/li>\n<li>PC\/ Tablet und Mobiltelefon<\/li>\n<li>Sie stellen selbst Rechnungen f\u00fcr Ihre erbrachten Leistungen<\/li>\n<\/ul>\n<h3><\/h3>\n<h3><\/h3>\n<h3>Wie registriere ich mich als Freelancer?<\/h3>\n<p>Sie registrieren sich mit Ihrer E-Mail-Adresse und geben an in welchen Bereichen Sie Berufserfahrung erworben haben. Sie k\u00f6nnen auch einen Lebenslauf hochladen. Danach bieten wir Ihnen passende Auftr\u00e4ge an.<\/p>\n<ul><\/ul>\n<p>[\/et_pb_text][et_pb_text _builder_version=&#8220;4.27.4&#8243; _module_preset=&#8220;cd2ad163-c93f-44f6-b7d8-dd85780abf76&#8243; global_colors_info=&#8220;{}&#8220;]<\/p>\n<h3><\/h3>\n<h3><\/h3>\n<h3>Ist die Registrierung kostenpflichtig?<\/h3>\n<p>Nein. Die Registrierung ist kostenlos. Auch alle damit verbundenen Leistungen von <em><strong>AMS<\/strong><\/em> nehmen Sie kostenlos in Anspruch.<br \/>Mit Ihrer Registrierung im <strong><em>AMS<\/em><\/strong>-Portal profitieren Sie von der kontinuierlichen Kundenakquisitionst\u00e4tigkeit von <strong><em>AMS<\/em><\/strong> sowie von unserem bereits bestehenden Kunden-Netzwerk. Und \u2013 in diesem Portal registrieren sich nicht nur Freelancer, sondern auch Auftraggeber, die einen aktuellen oder regelm\u00e4\u00dfigen Bedarf an Freelancern haben.<\/p>\n<ul><\/ul>\n<p>[\/et_pb_text][et_pb_text _builder_version=&#8220;4.27.4&#8243; _module_preset=&#8220;cd2ad163-c93f-44f6-b7d8-dd85780abf76&#8243; global_colors_info=&#8220;{}&#8220;]<\/p>\n<h3><\/h3>\n<h3><\/h3>\n<h3>Welche Jobaussichten habe ich als Freelancer?<\/h3>\n<p>Freelancer belegen Nischen im Arbeitsmarkt, die f\u00fcr Angestellte aufgrund der zeitlichen Beschr\u00e4nkung der Eins\u00e4tze nicht infrage k\u00e4men. Arbeitgeber ben\u00f6tigen jedoch zunehmend Flexibilit\u00e4t in den f\u00fcr sie erbrachten Leistungen, die sie mit fest angestelltem Personal nicht realisieren k\u00f6nnten. Das spielt Freelancern in die Tasche und sichert ihnen ihre Auftragslage.<\/p>\n<p>Ein weiterer Aspekt kommt hinzu: So z\u00e4hlt bei der Beauftragung eines Freelancers vor allem seine Leistung, ggf. seine Erfahrung und sein Preis, weniger die Person als solches, seine Zeugnisse oder sein Werdegang. Ganz anders bei Nichtselbstst\u00e4ndigen. Weil ein Arbeitgeber fest angestelltes Personal auf l\u00e4ngere Zeit an sich bindet und dieses in die eigene Betriebsstruktur integriert, wird bei der Personalauswahl auch der Pers\u00f6nlichkeit des Bewerbers oder der Bewerberin, seinem Werdegang, seinen Zeugnissen etc. eine hohe Bedeutung beigemessen.<\/p>\n<ul><\/ul>\n<p>[\/et_pb_text][\/et_pb_column][\/et_pb_row][et_pb_row _builder_version=&#8220;4.24.0&#8243; _module_preset=&#8220;default&#8220; custom_margin=&#8220;0px||||false|false&#8220; custom_padding=&#8220;4px|||||&#8220; locked=&#8220;off&#8220; global_colors_info=&#8220;{}&#8220;][et_pb_column type=&#8220;4_4&#8243; _builder_version=&#8220;4.24.0&#8243; _module_preset=&#8220;default&#8220; global_colors_info=&#8220;{}&#8220;][et_pb_text _builder_version=&#8220;4.27.4&#8243; _module_preset=&#8220;cd2ad163-c93f-44f6-b7d8-dd85780abf76&#8243; global_colors_info=&#8220;{}&#8220;]<\/p>\n<p>Zur Registrierung:<\/p>\n<p>[\/et_pb_text][et_pb_button button_url=&#8220;https:\/\/freelanxe-health.de\/&#8220; url_new_window=&#8220;on&#8220; button_text=&#8220;Freelancer Portal&#8220; _builder_version=&#8220;4.27.3&#8243; _module_preset=&#8220;default&#8220; global_colors_info=&#8220;{}&#8220;][\/et_pb_button][et_pb_text _builder_version=&#8220;4.27.4&#8243; _module_preset=&#8220;cd2ad163-c93f-44f6-b7d8-dd85780abf76&#8243; global_colors_info=&#8220;{}&#8220;]<\/p>\n<p>FAQs zur T\u00e4tigkeit als Freelancer:<\/p>\n<p>[\/et_pb_text][et_pb_button button_url=&#8220;@ET-DC@eyJkeW5hbWljIjp0cnVlLCJjb250ZW50IjoicG9zdF9saW5rX3VybF9wYWdlIiwic2V0dGluZ3MiOnsicG9zdF9pZCI6IjY2OTcifX0=@&#8220; url_new_window=&#8220;on&#8220; button_text=&#8220;FAQs&#8220; _builder_version=&#8220;4.27.3&#8243; _dynamic_attributes=&#8220;button_url&#8220; _module_preset=&#8220;default&#8220; global_colors_info=&#8220;{}&#8220;][\/et_pb_button][\/et_pb_column][\/et_pb_row][\/et_pb_section][et_pb_section fb_built=&#8220;1&#8243; _builder_version=&#8220;4.27.4&#8243; _module_preset=&#8220;default&#8220; da_disable_devices=&#8220;off|off|off&#8220; global_colors_info=&#8220;{}&#8220; da_is_popup=&#8220;off&#8220; da_exit_intent=&#8220;off&#8220; da_has_close=&#8220;on&#8220; da_alt_close=&#8220;off&#8220; da_dark_close=&#8220;off&#8220; da_not_modal=&#8220;on&#8220; da_is_singular=&#8220;off&#8220; da_with_loader=&#8220;off&#8220; da_has_shadow=&#8220;on&#8220;][et_pb_row _builder_version=&#8220;4.27.4&#8243; _module_preset=&#8220;default&#8220; global_colors_info=&#8220;{}&#8220;][et_pb_column type=&#8220;4_4&#8243; _builder_version=&#8220;4.27.4&#8243; _module_preset=&#8220;default&#8220; global_colors_info=&#8220;{}&#8220;][\/et_pb_column][\/et_pb_row][\/et_pb_section]<\/p>\n","protected":false},"excerpt":{"rendered":"<p>Willkommen bei AMS &#8211; wo Ihre Arbeit z\u00e4hlt Seit \u00fcber 25 Jahren begleiten wir nationale und internationale Projekte in der Pharma- und Gesundheitsbranche. Gemeinsam bringen wir Arzneimittel und Medizinprodukte erfolgreich auf den Weg &#8211; von der klinischen Entwicklung bis zur Markteinf\u00fchrung und dar\u00fcber hinaus.Bei AMS erwartet Sie ein engagiertes, interdisziplin\u00e4res Team, flache Hierarchien und eine [&hellip;]<\/p>\n","protected":false},"author":1,"featured_media":0,"parent":1666,"menu_order":70,"comment_status":"closed","ping_status":"closed","template":"","meta":{"_et_pb_use_builder":"on","_et_pb_old_content":"","_et_gb_content_width":"","slim_seo":{"title":"Karriere - AMS Advanced Medical Services GmbH","description":"Willkommen bei AMS - wo Ihre Arbeit z\u00e4hlt Seit \u00fcber 25 Jahren begleiten wir nationale und internationale Projekte in der Pharma- und Gesundheitsbranche. Gemeins"},"footnotes":""},"dipi_cpt_category":[],"class_list":["post-1728","page","type-page","status-publish","hentry"],"_links":{"self":[{"href":"https:\/\/www.ams-europe.com\/de\/wp-json\/wp\/v2\/pages\/1728","targetHints":{"allow":["GET"]}}],"collection":[{"href":"https:\/\/www.ams-europe.com\/de\/wp-json\/wp\/v2\/pages"}],"about":[{"href":"https:\/\/www.ams-europe.com\/de\/wp-json\/wp\/v2\/types\/page"}],"author":[{"embeddable":true,"href":"https:\/\/www.ams-europe.com\/de\/wp-json\/wp\/v2\/users\/1"}],"replies":[{"embeddable":true,"href":"https:\/\/www.ams-europe.com\/de\/wp-json\/wp\/v2\/comments?post=1728"}],"version-history":[{"count":58,"href":"https:\/\/www.ams-europe.com\/de\/wp-json\/wp\/v2\/pages\/1728\/revisions"}],"predecessor-version":[{"id":11092,"href":"https:\/\/www.ams-europe.com\/de\/wp-json\/wp\/v2\/pages\/1728\/revisions\/11092"}],"up":[{"embeddable":true,"href":"https:\/\/www.ams-europe.com\/de\/wp-json\/wp\/v2\/pages\/1666"}],"wp:attachment":[{"href":"https:\/\/www.ams-europe.com\/de\/wp-json\/wp\/v2\/media?parent=1728"}],"wp:term":[{"taxonomy":"dipi_cpt_category","embeddable":true,"href":"https:\/\/www.ams-europe.com\/de\/wp-json\/wp\/v2\/dipi_cpt_category?post=1728"}],"curies":[{"name":"wp","href":"https:\/\/api.w.org\/{rel}","templated":true}]}}