{"id":2433,"date":"2023-11-02T11:33:07","date_gmt":"2023-11-02T10:33:07","guid":{"rendered":"http:\/\/localhost\/services\/vertrieb-personal-dienstleistungen\/"},"modified":"2026-03-18T10:49:32","modified_gmt":"2026-03-18T09:49:32","slug":"sales-personal-services","status":"publish","type":"page","link":"https:\/\/www.ams-europe.com\/de\/services\/sales-personal-services\/","title":{"rendered":"Personaldienstleistungen"},"content":{"rendered":"<p>[et_pb_section fb_built=&#8220;1&#8243; admin_label=&#8220;Intro&#8220; _builder_version=&#8220;4.24.0&#8243; _module_preset=&#8220;b0033daa-587e-4df5-8923-84a88e7f878e&#8220; custom_padding=&#8220;0vw||3vw||false|false&#8220; da_disable_devices=&#8220;off|off|off&#8220; global_colors_info=&#8220;{}&#8220; da_is_popup=&#8220;off&#8220; da_exit_intent=&#8220;off&#8220; da_has_close=&#8220;on&#8220; da_alt_close=&#8220;off&#8220; da_dark_close=&#8220;off&#8220; da_not_modal=&#8220;on&#8220; da_is_singular=&#8220;off&#8220; da_with_loader=&#8220;off&#8220; da_has_shadow=&#8220;on&#8220;][et_pb_row column_structure=&#8220;2_3,1_3&#8243; _builder_version=&#8220;4.24.0&#8243; custom_padding=&#8220;||||false|false&#8220; locked=&#8220;off&#8220; global_colors_info=&#8220;{}&#8220;][et_pb_column type=&#8220;2_3&#8243; _builder_version=&#8220;4.16&#8243; custom_padding=&#8220;|||&#8220; global_colors_info=&#8220;{}&#8220; custom_padding__hover=&#8220;|||&#8220;][et_pb_text _builder_version=&#8220;4.24.0&#8243; _module_preset=&#8220;d5651242-e781-4e1c-b900-5b8fc65a80bf&#8220; text_line_height=&#8220;2em&#8220; header_2_font=&#8220;Rubik|500||on|||||&#8220; header_2_text_color=&#8220;#ff8f00&#8243; header_2_font_size=&#8220;14px&#8220; header_2_letter_spacing=&#8220;1px&#8220; header_2_line_height=&#8220;1.5em&#8220; header_3_font=&#8220;Rubik|500|||||||&#8220; header_3_font_size=&#8220;38px&#8220; header_3_line_height=&#8220;1.4em&#8220; custom_padding=&#8220;||0px|1px||&#8220; header_2_font_size_tablet=&#8220;42px&#8220; header_2_font_size_phone=&#8220;32px&#8220; header_2_font_size_last_edited=&#8220;off|desktop&#8220; header_3_font_size_tablet=&#8220;28px&#8220; header_3_font_size_phone=&#8220;20px&#8220; locked=&#8220;off&#8220; global_colors_info=&#8220;{}&#8220;]<\/p>\n<h4><\/h4>\n<h1>Personaldienstleistungen<\/h1>\n<p>Mit unserer langj\u00e4hrigen Expertise in der Rekrutierung von Fach- und F\u00fchrungskr\u00e4ften, der Personalvermittlung und Arbeitnehmer\u00fcberlassung \u2013 speziell im Healthcare-Bereich \u2013 sind wir Ihr verl\u00e4sslicher Partner, wenn es darum geht, hochqualifizierte Mitarbeiter f\u00fcr Ihr Unternehmen zu finden.<\/p>\n<p>Als moderner, serviceorientierter Dienstleister f\u00fcr Unternehmen der Pharmaindustrie und des Gesundheitswesens legen wir besonderen Wert auf Teamwork, Kompetenz und Flexibilit\u00e4t. Auf dieser Basis unterst\u00fctzen wir Sie bei der Gestaltung ihres Unternehmenserfolgs und der aktiven Entwicklung Ihrer Mitarbeiterinnen und Mitarbeiter.<\/p>\n<p>&nbsp;<\/p>\n<p>[\/et_pb_text][dipi_balloon selector=&#8220;.ams-serviceexpert-panel&#8220; ballon_placement=&#8220;left&#8220; ballon_animation=&#8220;fadeInLeft&#8220; balloon_image_width=&#8220;200px&#8220; balloon_title=&#8220;Andreas Brandl&#8220; balloon_description=&#8220;<\/p>\n<p><em>Pharmaceutical Development &#038; Project Manager<\/em><\/p>\n<p>Mit \u00fcber 30 Jahren Erfahrung im Vertrieb in unterschiedlichen F\u00fchrungspositionen, national wie international bei namhaften Unternehmen wie Bertelsmann und Universal, sowie \u00fcber 15 Jahren Erfahrung im Pharmavertrieb und Management bei renommierten Unternehmen wie Alcon Pharma und STADA ist Andreas Ihr Experte f\u00fcr die Rekrutierung von Fach- und F\u00fchrungskr\u00e4ften im Healthcare-Bereich.<\/p>\n<p>Als gepr\u00fcfter Pharmareferant nach \u00a7 75 AMG verf\u00fcgt Andreas Brandl \u00fcber fundiertes Fachwissen und hat zahlreiche Projekte zur Verbesserung der Wettbewerbsf\u00e4higkeit und Effizienz von Vertriebsstrukturen geleitet und zum erfolgreichen Abschluss gebracht. Sein breites Netzwerk an Kontakten zu Fach- und F\u00fchrungskr\u00e4ften in der Pharma- und Medizintechnikbranche erm\u00f6glicht es ihm, ma\u00dfgeschneiderte L\u00f6sungen f\u00fcr Ihre Personalbed\u00fcrfnisse zu entwickeln. Als Teil von <em><strong>AMS<\/strong><\/em> Personaldienstleistungen bietet er Ihnen diese L\u00f6sungen aus einer Hand.<\/p>\n<p>&#8220; module_class=&#8220;ams-serviceexpert-ballon &#8220; _builder_version=&#8220;4.27.4&#8243; _module_preset=&#8220;default&#8220; balloon_title_text_color=&#8220;gcid-1543c0c0-fc66-45fc-859c-18eb6cdbc07b&#8220; balloon_description_text_color=&#8220;gcid-1543c0c0-fc66-45fc-859c-18eb6cdbc07b&#8220; use_background_color_gradient=&#8220;on&#8220; background_color_gradient_direction=&#8220;90deg&#8220; background_color_gradient_stops=&#8220;#3c82a8 0%|#004e75 100%&#8220; custom_padding=&#8220;3em||2em||false|false&#8220; border_radii=&#8220;on|1em|1em|1em|1em&#8220; border_radii_balloon_img=&#8220;on|1em|1em|1em|1em&#8220; border_color_all_balloon_img=&#8220;RGBA(255,255,255,0)&#8220; locked=&#8220;off&#8220; global_colors_info=&#8220;{%22gcid-1543c0c0-fc66-45fc-859c-18eb6cdbc07b%22:%91%22balloon_title_text_color%22,%22balloon_description_text_color%22%93}&#8220;][\/dipi_balloon][\/et_pb_column][et_pb_column type=&#8220;1_3&#8243; module_class=&#8220;ams-serviceexpert-panel&#8220; _builder_version=&#8220;4.16&#8243; background_color=&#8220;#004E75&#8243; use_background_color_gradient=&#8220;on&#8220; background_color_gradient_direction=&#8220;270deg&#8220; background_color_gradient_stops=&#8220;gcid-80d13553-8301-4214-b254-781099ffdfd3 0%|#004e75 98%&#8220; background_enable_image=&#8220;off&#8220; background_position=&#8220;bottom_right&#8220; background_horizontal_offset=&#8220;50%&#8220; background_vertical_offset=&#8220;50%&#8220; custom_padding=&#8220;2em|2em|2em|2em|false|false&#8220; border_radii=&#8220;on|20px|20px|20px|20px&#8220; box_shadow_style=&#8220;preset3&#8243; global_colors_info=&#8220;{%22gcid-80d13553-8301-4214-b254-781099ffdfd3%22:%91%22background_color_gradient_stops%22%93}&#8220; custom_padding__hover=&#8220;|||&#8220;][et_pb_text admin_label=&#8220;Expert &#8211; Text&#8220; _builder_version=&#8220;4.27.4&#8243; _module_preset=&#8220;cd2ad163-c93f-44f6-b7d8-dd85780abf76&#8243; locked=&#8220;off&#8220; global_colors_info=&#8220;{}&#8220;]<\/p>\n<p style=\"text-align: center;\">Unser Ansprechpartner<\/p>\n<p>[\/et_pb_text][et_pb_team_member name=&#8220;Andreas Brandl&#8220; position=&#8220;Development &#038; Project Manager&#8220; image_url=&#8220;https:\/\/www.ams-europe.com\/wp-content\/uploads\/2026\/03\/brandl-andreas.jpg&#8220; admin_label=&#8220;Expert &#8211; Pic&#8220; _builder_version=&#8220;4.27.6&#8243; _module_preset=&#8220;35d45859-5b60-4988-b801-bf878a115189&#8243; header_font=&#8220;|600|||||||&#8220; header_text_color=&#8220;gcid-1543c0c0-fc66-45fc-859c-18eb6cdbc07b&#8220; header_font_size=&#8220;23px&#8220; body_text_color=&#8220;#C9EEFB&#8220; position_text_align=&#8220;center&#8220; position_text_color=&#8220;gcid-1543c0c0-fc66-45fc-859c-18eb6cdbc07b&#8220; background_enable_color=&#8220;off&#8220; module_alignment=&#8220;left&#8220; custom_padding=&#8220;1em|1em||1em|false|false&#8220; border_radii_image=&#8220;on|1em|1em|1em|1em&#8220; box_shadow_color_image=&#8220;gcid-b3d81f63-a079-4cba-9baf-5de18b24c75c&#8220; locked=&#8220;off&#8220; global_colors_info=&#8220;{%22gcid-1543c0c0-fc66-45fc-859c-18eb6cdbc07b%22:%91%22header_text_color%22,%22position_text_color%22%93,%22gcid-b3d81f63-a079-4cba-9baf-5de18b24c75c%22:%91%22box_shadow_color_image%22%93}&#8220;][\/et_pb_team_member][et_pb_button button_url=&#8220;mailto:Recruiting-Team@ams-europe.com&#8220; button_text=&#8220;Kontakt&#8220; button_alignment=&#8220;center&#8220; admin_label=&#8220;Expert &#8211; Button&#8220; _builder_version=&#8220;4.27.4&#8243; _module_preset=&#8220;0e1d5a6d-a26b-4e21-bc28-4d0ec17e6acc&#8220; locked=&#8220;off&#8220; global_colors_info=&#8220;{}&#8220;][\/et_pb_button][\/et_pb_column][\/et_pb_row][et_pb_row _builder_version=&#8220;4.24.0&#8243; _module_preset=&#8220;6ce8c84c-f2b7-4462-b647-177b63d43c0e&#8220; locked=&#8220;off&#8220; global_colors_info=&#8220;{}&#8220;][et_pb_column type=&#8220;4_4&#8243; _builder_version=&#8220;4.22.1&#8243; _module_preset=&#8220;default&#8220; global_colors_info=&#8220;{}&#8220;][et_pb_text _builder_version=&#8220;4.24.0&#8243; _module_preset=&#8220;d5651242-e781-4e1c-b900-5b8fc65a80bf&#8220; text_line_height=&#8220;2em&#8220; custom_margin=&#8220;||-17px|||&#8220; locked=&#8220;off&#8220; global_colors_info=&#8220;{}&#8220;]<\/p>\n<h3>Unsere Leistungen<\/h3>\n<p>[\/et_pb_text][\/et_pb_column][\/et_pb_row][et_pb_row column_structure=&#8220;1_2,1_2&#8243; _builder_version=&#8220;4.24.0&#8243; _module_preset=&#8220;default&#8220; custom_margin=&#8220;|auto|0em|auto|false|false&#8220; locked=&#8220;off&#8220; global_colors_info=&#8220;{}&#8220;][et_pb_column type=&#8220;1_2&#8243; _builder_version=&#8220;4.22.1&#8243; _module_preset=&#8220;default&#8220; global_colors_info=&#8220;{}&#8220;][et_pb_cta title=&#8220;AMS Personaldienstleistungen&#8220; button_url=&#8220;#HRServices&#8220; button_text=&#8220;Weitere Informationen&#8220; _builder_version=&#8220;4.24.0&#8243; _module_preset=&#8220;c70774f9-4d6f-49ab-abd9-f1b839b9ba2c&#8220; link_option_url=&#8220;#HRServices&#8220; scroll_horizontal_motion=&#8220;0|10|100|100|4|0|0&#8243; button_letter_spacing_hover=&#8220;1px&#8220; locked=&#8220;off&#8220; global_colors_info=&#8220;{}&#8220; button_one_text_size__hover_enabled=&#8220;off&#8220; button_two_text_size__hover_enabled=&#8220;off&#8220; button_one_text_color__hover_enabled=&#8220;off&#8220; button_two_text_color__hover_enabled=&#8220;off&#8220; button_one_border_width__hover_enabled=&#8220;off&#8220; button_two_border_width__hover_enabled=&#8220;off&#8220; button_one_border_color__hover_enabled=&#8220;off&#8220; button_two_border_color__hover_enabled=&#8220;off&#8220; button_one_border_radius__hover_enabled=&#8220;off&#8220; button_two_border_radius__hover_enabled=&#8220;off&#8220; button_one_letter_spacing__hover_enabled=&#8220;off&#8220; button_two_letter_spacing__hover_enabled=&#8220;off&#8220; button_one_bg_color__hover_enabled=&#8220;off&#8220; button_two_bg_color__hover_enabled=&#8220;off&#8220;]<\/p>\n<ul>\n<li>Personalvermittlung: Fach- und F\u00fchrungskr\u00e4fte f\u00fcr den Healthcare-Markt<\/li>\n<li>Arbeitnehmer\u00fcberlasssung mit Schwerpunkt Healthcare-Vertrieb<\/li>\n<li>Dienstleistungsprojekte: Rekrutierung und Steuerung kompletter Au\u00dfendienstteams<\/li>\n<li>Vermittlung von Freelancern<\/li>\n<\/ul>\n<p>[\/et_pb_cta][\/et_pb_column][et_pb_column type=&#8220;1_2&#8243; _builder_version=&#8220;4.24.0&#8243; _module_preset=&#8220;default&#8220; global_colors_info=&#8220;{}&#8220;][et_pb_cta title=&#8220;AMS Freelancer Portal &#8211; f\u00fcr Auftraggeber&#8220; button_url=&#8220;#Clients&#8220; button_text=&#8220;Weitere Informationen&#8220; _builder_version=&#8220;4.24.0&#8243; _module_preset=&#8220;c70774f9-4d6f-49ab-abd9-f1b839b9ba2c&#8220; link_option_url=&#8220;#Clients&#8220; scroll_horizontal_motion=&#8220;0|10|100|100|4|0|0&#8243; button_letter_spacing_hover=&#8220;1px&#8220; locked=&#8220;off&#8220; global_colors_info=&#8220;{}&#8220; button_one_text_size__hover_enabled=&#8220;off&#8220; button_two_text_size__hover_enabled=&#8220;off&#8220; button_one_text_color__hover_enabled=&#8220;off&#8220; button_two_text_color__hover_enabled=&#8220;off&#8220; button_one_border_width__hover_enabled=&#8220;off&#8220; button_two_border_width__hover_enabled=&#8220;off&#8220; button_one_border_color__hover_enabled=&#8220;off&#8220; button_two_border_color__hover_enabled=&#8220;off&#8220; button_one_border_radius__hover_enabled=&#8220;off&#8220; button_two_border_radius__hover_enabled=&#8220;off&#8220; button_one_letter_spacing__hover_enabled=&#8220;off&#8220; button_two_letter_spacing__hover_enabled=&#8220;off&#8220; button_one_bg_color__hover_enabled=&#8220;off&#8220; button_two_bg_color__hover_enabled=&#8220;off&#8220;]<\/p>\n<p>Sie suchen f\u00fcr einen kurzfristigen, tempor\u00e4ren oder flexiblen Einsatz Medizinprodukteberater, Pharmareferenten, Pharmaberater oder Produktberater (jeweils m\/w\/d) &#8211; auch f\u00fcr Nahrungserg\u00e4nzungsmittel, Kosmetik, Sanit\u00e4tsprodukte, o.\u00e4.)?<\/p>\n<ul>\n<li>Sie ben\u00f6tigen zus\u00e4tzliche Kapazit\u00e4ten f\u00fcr einen Produktlaunch?<\/li>\n<li>Sie planen einen Produktlaunch und m\u00f6chten die Produkte vorab testen?<\/li>\n<li>Sie m\u00f6chten Ihre neuen Verkaufsunterlagen vorab testen?<\/li>\n<li>Sie ben\u00f6tigen Unterst\u00fctzung bei einem Pilotprojekt am Markt?<\/li>\n<\/ul>\n<p>[\/et_pb_cta][\/et_pb_column][\/et_pb_row][et_pb_row _builder_version=&#8220;4.24.0&#8243; _module_preset=&#8220;default&#8220; custom_margin=&#8220;|auto|0em|auto|false|false&#8220; locked=&#8220;off&#8220; global_colors_info=&#8220;{}&#8220;][et_pb_column type=&#8220;4_4&#8243; _builder_version=&#8220;4.22.1&#8243; _module_preset=&#8220;default&#8220; global_colors_info=&#8220;{}&#8220;][\/et_pb_column][\/et_pb_row][\/et_pb_section][et_pb_section fb_built=&#8220;1&#8243; admin_label=&#8220;HRServices&#8220; module_id=&#8220;HRServices&#8220; _builder_version=&#8220;4.27.4&#8243; _module_preset=&#8220;7504119b-3021-4464-911e-ee701d021e67&#8243; da_popup_slug=&#8220;HRServices&#8220; da_disable_devices=&#8220;off|off|off&#8220; locked=&#8220;off&#8220; global_colors_info=&#8220;{}&#8220; da_is_popup=&#8220;off&#8220; da_exit_intent=&#8220;off&#8220; da_has_close=&#8220;on&#8220; da_alt_close=&#8220;off&#8220; da_dark_close=&#8220;off&#8220; da_not_modal=&#8220;on&#8220; da_is_singular=&#8220;off&#8220; da_with_loader=&#8220;off&#8220; da_has_shadow=&#8220;on&#8220;][et_pb_row _builder_version=&#8220;4.24.0&#8243; _module_preset=&#8220;6ce8c84c-f2b7-4462-b647-177b63d43c0e&#8220; global_colors_info=&#8220;{}&#8220;][et_pb_column type=&#8220;4_4&#8243; _builder_version=&#8220;4.24.0&#8243; _module_preset=&#8220;default&#8220; global_colors_info=&#8220;{}&#8220;][et_pb_text _builder_version=&#8220;4.27.4&#8243; _module_preset=&#8220;cd2ad163-c93f-44f6-b7d8-dd85780abf76&#8243; custom_padding=&#8220;9px|||1px||&#8220; locked=&#8220;off&#8220; global_colors_info=&#8220;{}&#8220;]<\/p>\n<h3><em><strong>AMS<\/strong><\/em> Personaldienstleistungen<\/h3>\n<p>[\/et_pb_text][\/et_pb_column][\/et_pb_row][et_pb_row column_structure=&#8220;3_5,2_5&#8243; _builder_version=&#8220;4.24.0&#8243; _module_preset=&#8220;default&#8220; custom_margin=&#8220;||0px||false|false&#8220; locked=&#8220;off&#8220; global_colors_info=&#8220;{}&#8220;][et_pb_column type=&#8220;3_5&#8243; _builder_version=&#8220;4.22.1&#8243; _module_preset=&#8220;default&#8220; global_colors_info=&#8220;{}&#8220;][et_pb_text _builder_version=&#8220;4.27.4&#8243; _module_preset=&#8220;cd2ad163-c93f-44f6-b7d8-dd85780abf76&#8243; global_colors_info=&#8220;{}&#8220;]<\/p>\n<p><strong><em>AMS<\/em><\/strong> Personaldienstleistungen: Ihr verl\u00e4sslicher Partner f\u00fcr die Rekrutierung von Fach- und F\u00fchrungskr\u00e4ften im Healthcare-Bereich<\/p>\n<p><strong>Warum AMS f\u00fcr Ihre Personalsuche?<\/strong><\/p>\n<ul>\n<li><strong>Schneller Einstellungsprozess<\/strong><br \/>Dank unseres umfassenden Netzwerks bringen wir Sie schnell mit hochqualifizierten Fachkr\u00e4ften in Kontakt und sparen Ihnen Wochen im Vergleich zu einem selbst organisierten Rekrutierungsprozess.<\/li>\n<li><strong>Individuelle Kandidatenauswahl<\/strong><br \/>Unsere erfahrenen Recruiter treffen eine sorgf\u00e4ltige Vorauswahl und pr\u00e4sentieren Ihnen Bewerbungen, die genau zu Ihrem Anforderungsprofil passen.<\/li>\n<li><strong>Zugang zu passiven Talenten<\/strong><br \/>Mithilfe von KI-gest\u00fctzter Bewerbersuche und Active Sourcing identifizieren wir Fachkr\u00e4fte, die nicht aktiv auf Jobsuche sind. So finden wir selbst in M\u00e4rkten mit Fachkr\u00e4ftemangel die idealen Kandidatinnen und Kandidaten f\u00fcr Ihr Unternehmen.<\/li>\n<\/ul>\n<p>&nbsp;<\/p>\n<p>Setzen Sie auf <em><strong>AMS<\/strong><\/em>, um Ihren Rekrutierungsprozess zu optimieren und die Talente zu finden, die den Erfolg Ihres Unternehmens voranbringen!<\/p>\n<p>&nbsp;<\/p>\n<p>&nbsp;<\/p>\n<p>[\/et_pb_text][\/et_pb_column][et_pb_column type=&#8220;2_5&#8243; _builder_version=&#8220;4.22.1&#8243; _module_preset=&#8220;default&#8220; global_colors_info=&#8220;{}&#8220;][et_pb_image src=&#8220;\/wp-content\/uploads\/2024\/08\/AMSRecruiting.jpg&#8220; title_text=&#8220;Female hr reading cv during online virtual job interview by video call. Employer checking african male recruit resume talking by distance remote recruitment chat meeting video conference on laptop. &#8220; _builder_version=&#8220;4.24.0&#8243; _module_preset=&#8220;default&#8220; global_colors_info=&#8220;{}&#8220;][\/et_pb_image][\/et_pb_column][\/et_pb_row][et_pb_row _builder_version=&#8220;4.24.0&#8243; _module_preset=&#8220;default&#8220; custom_margin=&#8220;||0px||false|false&#8220; locked=&#8220;off&#8220; global_colors_info=&#8220;{}&#8220;][et_pb_column type=&#8220;4_4&#8243; _builder_version=&#8220;4.22.1&#8243; _module_preset=&#8220;default&#8220; global_colors_info=&#8220;{}&#8220;][et_pb_text _builder_version=&#8220;4.27.4&#8243; _module_preset=&#8220;cd2ad163-c93f-44f6-b7d8-dd85780abf76&#8243; global_colors_info=&#8220;{}&#8220;]<\/p>\n<p><strong><br \/>Unser Portfolio an Personaldienstleistungen umfasst:<\/strong><\/p>\n<ul>\n<li>Personalvermittlung: Rekrutierung von Fach- und F\u00fchrungskr\u00e4ften f\u00fcr den Healthcare-Markt<\/li>\n<li>Arbeitnehmer\u00fcberlassung: Schwerpunkt auf Vertriebspositionen im Gesundheitswesen<\/li>\n<li>Projektbasierte Dienstleistungen: Rekrutierung und Steuerung ganzer Au\u00dfendienstteams<\/li>\n<li><a href=\"https:\/\/freelanxe-health.de\/\" target=\"_blank\" rel=\"noopener\">Vermittlung von Freelancern:<\/a> Zugang zu erfahrenden Freiberuflern<a href=\"https:\/\/freelanxe-health.de\/\" target=\"_blank\" rel=\"noopener\"><\/a><\/li>\n<\/ul>\n<p>&nbsp;<\/p>\n<p><strong>Unsere Schwerpunkte:<\/strong><\/p>\n<p>Pharmaberater\/ Pharmareferenten, Key Account Manager, Medical Science Liaison Manager (MSLM), Clinical Research Associates (CRA), Projektmanager, Biostatistiker und verwandte Bereiche.<\/p>\n<p>&nbsp;<\/p>\n<ul><\/ul>\n<p>[\/et_pb_text][\/et_pb_column][\/et_pb_row][et_pb_row _builder_version=&#8220;4.24.0&#8243; _module_preset=&#8220;default&#8220; custom_padding=&#8220;||4px|||&#8220; global_colors_info=&#8220;{}&#8220;][et_pb_column type=&#8220;4_4&#8243; _builder_version=&#8220;4.24.0&#8243; _module_preset=&#8220;default&#8220; global_colors_info=&#8220;{}&#8220;][et_pb_text _builder_version=&#8220;4.27.4&#8243; _module_preset=&#8220;cd2ad163-c93f-44f6-b7d8-dd85780abf76&#8243; global_colors_info=&#8220;{}&#8220;]<\/p>\n<p>Einfach und unkompliziert:<\/p>\n<ul>\n<li>Senden Sie uns eine E-Mail mit Ihren Kontaktdaten und dem Betreff \u201eUnterst\u00fctzung bei der Personalsuche\u201c an: <a href=\"mailto:Recruiting-Team@ams-europe.com\">Recruiting-Team@ams-europe.com<\/a><\/li>\n<li>Wir besprechen Ihre Anforderungen und erstellen ein individuelles Angebot f\u00fcr Sie<\/li>\n<li>Nach Ihrer Auftragsbest\u00e4tigung starten wir umgehend mit der Suche<\/li>\n<\/ul>\n<p>[\/et_pb_text][\/et_pb_column][\/et_pb_row][et_pb_row column_structure=&#8220;1_3,2_3&#8243; _builder_version=&#8220;4.27.3&#8243; _module_preset=&#8220;802aa867-79d0-4500-a034-a3001033e9d3&#8243; custom_margin=&#8220;5em||5em||false|false&#8220; custom_padding=&#8220;30px|100px|30px|30px|false|false&#8220; box_shadow_style=&#8220;preset1&#8243;][et_pb_column type=&#8220;1_3&#8243; _builder_version=&#8220;4.24.0&#8243; _module_preset=&#8220;default&#8220; global_colors_info=&#8220;{}&#8220;][et_pb_text _builder_version=&#8220;4.24.0&#8243; _module_preset=&#8220;cd2ad163-c93f-44f6-b7d8-dd85780abf76&#8243; background_enable_color=&#8220;off&#8220; background_enable_image=&#8220;off&#8220; global_colors_info=&#8220;{%22gcid-2f3bfbab-4898-449e-a1fb-53132eb3470f%22:%91%22background_color_gradient_stops%22%93,%22gcid-056fad13-7523-4771-a3cd-ea131b928fa9%22:%91%22background_color_gradient_stops%22%93,%22gcid-e953896c-2ebc-4943-bbfd-26fb1c1260bf%22:%91%22background_color_gradient_stops%22%93}&#8220;]<\/p>\n<h3><strong>Kontakt<\/strong><\/h3>\n<p>Haben Sie Fragen?<\/p>\n<p>&nbsp;<\/p>\n<p>[\/et_pb_text][\/et_pb_column][et_pb_column type=&#8220;2_3&#8243; _builder_version=&#8220;4.24.0&#8243; _module_preset=&#8220;default&#8220; global_colors_info=&#8220;{}&#8220;][et_pb_text _builder_version=&#8220;4.24.0&#8243; _module_preset=&#8220;cd2ad163-c93f-44f6-b7d8-dd85780abf76&#8243; background_enable_color=&#8220;off&#8220; background_enable_image=&#8220;off&#8220; locked=&#8220;off&#8220; global_colors_info=&#8220;{%22gcid-2f3bfbab-4898-449e-a1fb-53132eb3470f%22:%91%22background_color_gradient_stops%22%93,%22gcid-056fad13-7523-4771-a3cd-ea131b928fa9%22:%91%22background_color_gradient_stops%22%93,%22gcid-e953896c-2ebc-4943-bbfd-26fb1c1260bf%22:%91%22background_color_gradient_stops%22%93}&#8220;]<\/p>\n<p>Sie erreichen uns per Mail unter:<\/p>\n<p>[\/et_pb_text][et_pb_button button_url=&#8220;mailto:recruiting-team@ams-europe.com&#8220; button_text=&#8220;recruiting-team@ams-europe.com&#8220; _builder_version=&#8220;4.27.3&#8243; _module_preset=&#8220;default&#8220; locked=&#8220;off&#8220; global_colors_info=&#8220;{}&#8220;][\/et_pb_button][et_pb_text _builder_version=&#8220;4.27.3&#8243; _module_preset=&#8220;cd2ad163-c93f-44f6-b7d8-dd85780abf76&#8243; custom_padding=&#8220;||0px|1px||&#8220; global_colors_info=&#8220;{}&#8220;]<\/p>\n<p>Wir sind pers\u00f6nlich f\u00fcr Sie da!<\/p>\n<p>[\/et_pb_text][et_pb_text _builder_version=&#8220;4.24.0&#8243; _module_preset=&#8220;cd2ad163-c93f-44f6-b7d8-dd85780abf76&#8243; custom_margin=&#8220;10px||10px||false|false&#8220; global_colors_info=&#8220;{}&#8220;]<\/p>\n<p><strong>Kerstin Terhalle &#8211; Tel.: +49 621 70095221<\/strong><br \/>Project Manager<\/p>\n<p>[\/et_pb_text][et_pb_text _builder_version=&#8220;4.24.0&#8243; _module_preset=&#8220;cd2ad163-c93f-44f6-b7d8-dd85780abf76&#8243; custom_margin=&#8220;10px||10px||false|false&#8220; custom_padding=&#8220;||0px|1px||&#8220; global_colors_info=&#8220;{}&#8220;]<\/p>\n<p><strong>Andreas Brandl &#8211; Tel.: +49 621 70095253<\/strong><br \/>Pharmaceutical Development &amp; Project Manager<\/p>\n<p>[\/et_pb_text][\/et_pb_column][\/et_pb_row][\/et_pb_section][et_pb_section fb_built=&#8220;1&#8243; admin_label=&#8220;Clients&#8220; module_id=&#8220;Clients&#8220; _builder_version=&#8220;4.27.4&#8243; _module_preset=&#8220;b0033daa-587e-4df5-8923-84a88e7f878e&#8220; da_popup_slug=&#8220;Clients&#8220; da_disable_devices=&#8220;off|off|off&#8220; locked=&#8220;off&#8220; global_colors_info=&#8220;{}&#8220; da_is_popup=&#8220;off&#8220; da_exit_intent=&#8220;off&#8220; da_has_close=&#8220;on&#8220; da_alt_close=&#8220;off&#8220; da_dark_close=&#8220;off&#8220; da_not_modal=&#8220;on&#8220; da_is_singular=&#8220;off&#8220; da_with_loader=&#8220;off&#8220; da_has_shadow=&#8220;on&#8220;][et_pb_row _builder_version=&#8220;4.24.0&#8243; _module_preset=&#8220;6ce8c84c-f2b7-4462-b647-177b63d43c0e&#8220; global_colors_info=&#8220;{}&#8220;][et_pb_column type=&#8220;4_4&#8243; _builder_version=&#8220;4.24.0&#8243; _module_preset=&#8220;default&#8220; global_colors_info=&#8220;{}&#8220;][et_pb_text _builder_version=&#8220;4.27.4&#8243; _module_preset=&#8220;d5651242-e781-4e1c-b900-5b8fc65a80bf&#8220; locked=&#8220;off&#8220; global_colors_info=&#8220;{}&#8220;]<\/p>\n<h3><strong><em>AMS<\/em><\/strong> Freelance Portal \u2013 f\u00fcr Auftraggeber<\/h3>\n<p>[\/et_pb_text][\/et_pb_column][\/et_pb_row][et_pb_row column_structure=&#8220;3_5,2_5&#8243; _builder_version=&#8220;4.24.0&#8243; _module_preset=&#8220;default&#8220; custom_margin=&#8220;||0px||false|false&#8220; locked=&#8220;off&#8220; global_colors_info=&#8220;{}&#8220;][et_pb_column type=&#8220;3_5&#8243; _builder_version=&#8220;4.22.1&#8243; _module_preset=&#8220;default&#8220; global_colors_info=&#8220;{}&#8220;][et_pb_text _builder_version=&#8220;4.27.4&#8243; _module_preset=&#8220;d5651242-e781-4e1c-b900-5b8fc65a80bf&#8220; global_colors_info=&#8220;{}&#8220;]<\/p>\n<p>&nbsp;<\/p>\n<p>Sie suchen f\u00fcr einen kurzfristigen, tempor\u00e4ren oder flexiblen Einsatz Medizinprodukteberater, Pharmareferenten, Pharmaberater oder Produktberater (jeweils m\/w\/d) &#8211; auch f\u00fcr Nahrungserg\u00e4nzungsmittel, Kosmetik, Sanit\u00e4tsprodukte, o.\u00e4.)?<\/p>\n<ul>\n<li>Sie ben\u00f6tigen zus\u00e4tzliche Kapazit\u00e4ten f\u00fcr einen Produktlaunch?<\/li>\n<li>Sie planen einen Produktlaunch und m\u00f6chten die Produkte vorab testen?<\/li>\n<li>Sie m\u00f6chten Ihre neuen Verkaufsunterlagen vorab testen?<\/li>\n<li>Sie ben\u00f6tigen Unterst\u00fctzung bei einem Pilotprojekt am Markt?<\/li>\n<\/ul>\n<p>Unser Freelancer-Portal bietet t\u00e4glich neue Chancen.<br \/>Schauen Sie in Ihrer gew\u00fcnschten Region nach verf\u00fcgbaren selbst\u00e4ndigen erfahrenen Produktberatern.<\/p>\n<p><span>F\u00fcr Freelancer au\u00dferhalb Deutschlands sprechen Sie uns bitte direkt an.<\/span><\/p>\n<p>[\/et_pb_text][\/et_pb_column][et_pb_column type=&#8220;2_5&#8243; _builder_version=&#8220;4.22.1&#8243; _module_preset=&#8220;default&#8220; global_colors_info=&#8220;{}&#8220;][et_pb_image src=&#8220;\/wp-content\/uploads\/2024\/08\/FreelancePortal.jpg&#8220; title_text=&#8220;Woman giving a speech on seminar for medical staff&#8220; _builder_version=&#8220;4.24.0&#8243; _module_preset=&#8220;default&#8220; global_colors_info=&#8220;{}&#8220;][\/et_pb_image][\/et_pb_column][\/et_pb_row][et_pb_row _builder_version=&#8220;4.24.0&#8243; _module_preset=&#8220;default&#8220; custom_margin=&#8220;0px||||false|false&#8220; custom_padding=&#8220;4px|||||&#8220; locked=&#8220;off&#8220; global_colors_info=&#8220;{}&#8220;][et_pb_column type=&#8220;4_4&#8243; _builder_version=&#8220;4.24.0&#8243; _module_preset=&#8220;default&#8220; global_colors_info=&#8220;{}&#8220;][et_pb_text _builder_version=&#8220;4.27.3&#8243; _module_preset=&#8220;cd2ad163-c93f-44f6-b7d8-dd85780abf76&#8243; global_colors_info=&#8220;{}&#8220;][\/et_pb_text][et_pb_button button_url=&#8220;https:\/\/freelanxe-health.de\/&#8220; url_new_window=&#8220;on&#8220; button_text=&#8220;Freelancer Portal&#8220; _builder_version=&#8220;4.27.3&#8243; _module_preset=&#8220;default&#8220; global_colors_info=&#8220;{}&#8220;][\/et_pb_button][\/et_pb_column][\/et_pb_row][et_pb_row column_structure=&#8220;1_3,2_3&#8243; _builder_version=&#8220;4.27.3&#8243; _module_preset=&#8220;802aa867-79d0-4500-a034-a3001033e9d3&#8243; custom_margin=&#8220;5em||5em||false|false&#8220; custom_padding=&#8220;30px|100px|30px|30px|false|false&#8220; box_shadow_style=&#8220;preset1&#8243;][et_pb_column type=&#8220;1_3&#8243; _builder_version=&#8220;4.24.0&#8243; _module_preset=&#8220;default&#8220; global_colors_info=&#8220;{}&#8220;][et_pb_text _builder_version=&#8220;4.24.0&#8243; _module_preset=&#8220;cd2ad163-c93f-44f6-b7d8-dd85780abf76&#8243; background_enable_color=&#8220;off&#8220; background_enable_image=&#8220;off&#8220; global_colors_info=&#8220;{%22gcid-2f3bfbab-4898-449e-a1fb-53132eb3470f%22:%91%22background_color_gradient_stops%22%93,%22gcid-056fad13-7523-4771-a3cd-ea131b928fa9%22:%91%22background_color_gradient_stops%22%93,%22gcid-e953896c-2ebc-4943-bbfd-26fb1c1260bf%22:%91%22background_color_gradient_stops%22%93}&#8220;]<\/p>\n<h3><strong>Kontakt<\/strong><\/h3>\n<p>Wie kann ich Freelancer buchen?<\/p>\n<p>[\/et_pb_text][\/et_pb_column][et_pb_column type=&#8220;2_3&#8243; _builder_version=&#8220;4.24.0&#8243; _module_preset=&#8220;default&#8220; global_colors_info=&#8220;{}&#8220;][et_pb_text _builder_version=&#8220;4.24.0&#8243; _module_preset=&#8220;cd2ad163-c93f-44f6-b7d8-dd85780abf76&#8243; background_enable_color=&#8220;off&#8220; background_enable_image=&#8220;off&#8220; global_colors_info=&#8220;{%22gcid-2f3bfbab-4898-449e-a1fb-53132eb3470f%22:%91%22background_color_gradient_stops%22%93,%22gcid-056fad13-7523-4771-a3cd-ea131b928fa9%22:%91%22background_color_gradient_stops%22%93,%22gcid-e953896c-2ebc-4943-bbfd-26fb1c1260bf%22:%91%22background_color_gradient_stops%22%93}&#8220;]<\/p>\n<p>Schildern sie uns Ihr Projekt in unserem Freitext-Kontaktformular:<\/p>\n<p>[\/et_pb_text][et_pb_contact_form _builder_version=&#8220;4.24.0&#8243; _module_preset=&#8220;default&#8220; _unique_id=&#8220;18474c65-bdfc-4726-a1b1-21915ffa09a2&#8243; captcha_text_color=&#8220;gcid-1543c0c0-fc66-45fc-859c-18eb6cdbc07b&#8220; captcha_font_size=&#8220;26px&#8220; global_colors_info=&#8220;{%22gcid-1543c0c0-fc66-45fc-859c-18eb6cdbc07b%22:%91%22captcha_text_color%22%93}&#8220;][et_pb_contact_field field_id=&#8220;Name&#8220; field_title=&#8220;Name&#8220; _builder_version=&#8220;4.16&#8243; global_colors_info=&#8220;{}&#8220; button_text_size__hover_enabled=&#8220;off&#8220; button_one_text_size__hover_enabled=&#8220;off&#8220; button_two_text_size__hover_enabled=&#8220;off&#8220; button_text_color__hover_enabled=&#8220;off&#8220; button_one_text_color__hover_enabled=&#8220;off&#8220; button_two_text_color__hover_enabled=&#8220;off&#8220; button_border_width__hover_enabled=&#8220;off&#8220; button_one_border_width__hover_enabled=&#8220;off&#8220; button_two_border_width__hover_enabled=&#8220;off&#8220; button_border_color__hover_enabled=&#8220;off&#8220; button_one_border_color__hover_enabled=&#8220;off&#8220; button_two_border_color__hover_enabled=&#8220;off&#8220; button_border_radius__hover_enabled=&#8220;off&#8220; button_one_border_radius__hover_enabled=&#8220;off&#8220; button_two_border_radius__hover_enabled=&#8220;off&#8220; button_letter_spacing__hover_enabled=&#8220;off&#8220; button_one_letter_spacing__hover_enabled=&#8220;off&#8220; button_two_letter_spacing__hover_enabled=&#8220;off&#8220; button_bg_color__hover_enabled=&#8220;off&#8220; button_one_bg_color__hover_enabled=&#8220;off&#8220; button_two_bg_color__hover_enabled=&#8220;off&#8220;][\/et_pb_contact_field][et_pb_contact_field field_id=&#8220;Email&#8220; field_title=&#8220;E-Mail Adresse&#8220; field_type=&#8220;email&#8220; _builder_version=&#8220;4.16&#8243; global_colors_info=&#8220;{}&#8220; button_text_size__hover_enabled=&#8220;off&#8220; button_one_text_size__hover_enabled=&#8220;off&#8220; button_two_text_size__hover_enabled=&#8220;off&#8220; button_text_color__hover_enabled=&#8220;off&#8220; button_one_text_color__hover_enabled=&#8220;off&#8220; button_two_text_color__hover_enabled=&#8220;off&#8220; button_border_width__hover_enabled=&#8220;off&#8220; button_one_border_width__hover_enabled=&#8220;off&#8220; button_two_border_width__hover_enabled=&#8220;off&#8220; button_border_color__hover_enabled=&#8220;off&#8220; button_one_border_color__hover_enabled=&#8220;off&#8220; button_two_border_color__hover_enabled=&#8220;off&#8220; button_border_radius__hover_enabled=&#8220;off&#8220; button_one_border_radius__hover_enabled=&#8220;off&#8220; button_two_border_radius__hover_enabled=&#8220;off&#8220; button_letter_spacing__hover_enabled=&#8220;off&#8220; button_one_letter_spacing__hover_enabled=&#8220;off&#8220; button_two_letter_spacing__hover_enabled=&#8220;off&#8220; button_bg_color__hover_enabled=&#8220;off&#8220; button_one_bg_color__hover_enabled=&#8220;off&#8220; button_two_bg_color__hover_enabled=&#8220;off&#8220;][\/et_pb_contact_field][et_pb_contact_field field_id=&#8220;Message&#8220; field_title=&#8220;Nachricht&#8220; field_type=&#8220;text&#8220; fullwidth_field=&#8220;on&#8220; _builder_version=&#8220;4.16&#8243; global_colors_info=&#8220;{}&#8220; button_text_size__hover_enabled=&#8220;off&#8220; button_one_text_size__hover_enabled=&#8220;off&#8220; button_two_text_size__hover_enabled=&#8220;off&#8220; button_text_color__hover_enabled=&#8220;off&#8220; button_one_text_color__hover_enabled=&#8220;off&#8220; button_two_text_color__hover_enabled=&#8220;off&#8220; button_border_width__hover_enabled=&#8220;off&#8220; button_one_border_width__hover_enabled=&#8220;off&#8220; button_two_border_width__hover_enabled=&#8220;off&#8220; button_border_color__hover_enabled=&#8220;off&#8220; button_one_border_color__hover_enabled=&#8220;off&#8220; button_two_border_color__hover_enabled=&#8220;off&#8220; button_border_radius__hover_enabled=&#8220;off&#8220; button_one_border_radius__hover_enabled=&#8220;off&#8220; button_two_border_radius__hover_enabled=&#8220;off&#8220; button_letter_spacing__hover_enabled=&#8220;off&#8220; button_one_letter_spacing__hover_enabled=&#8220;off&#8220; button_two_letter_spacing__hover_enabled=&#8220;off&#8220; button_bg_color__hover_enabled=&#8220;off&#8220; button_one_bg_color__hover_enabled=&#8220;off&#8220; button_two_bg_color__hover_enabled=&#8220;off&#8220;][\/et_pb_contact_field][\/et_pb_contact_form][et_pb_text _builder_version=&#8220;4.24.0&#8243; _module_preset=&#8220;cd2ad163-c93f-44f6-b7d8-dd85780abf76&#8243; global_colors_info=&#8220;{}&#8220;]<\/p>\n<p>Rufen Sie uns einfach an:<\/p>\n<p>[\/et_pb_text][et_pb_text _builder_version=&#8220;4.24.0&#8243; _module_preset=&#8220;cd2ad163-c93f-44f6-b7d8-dd85780abf76&#8243; custom_margin=&#8220;10px||10px||false|false&#8220; global_colors_info=&#8220;{}&#8220;]<\/p>\n<p><strong>Hotline &#8211; Tel.: 0621 &#8211; 700 95 333<\/strong><\/p>\n<p>[\/et_pb_text][et_pb_text _builder_version=&#8220;4.24.0&#8243; _module_preset=&#8220;cd2ad163-c93f-44f6-b7d8-dd85780abf76&#8243; custom_margin=&#8220;10px||10px||false|false&#8220; global_colors_info=&#8220;{}&#8220;]<\/p>\n<p><strong>Wolfgang Kulow &#8211; Tel.: 0173 &#8211; 6795 900<\/strong><br \/>Business Development  Project Manager<\/p>\n<p>[\/et_pb_text][et_pb_text _builder_version=&#8220;4.27.4&#8243; _module_preset=&#8220;cd2ad163-c93f-44f6-b7d8-dd85780abf76&#8243; custom_margin=&#8220;10px||10px||false|false&#8220; global_colors_info=&#8220;{}&#8220;]<\/p>\n<p><strong>Andreas Brandl &#8211; Tel.: 0162 &#8211; 2172519<\/strong><br \/>Pharmaceutical Development &amp; Project Manager<\/p>\n<p>[\/et_pb_text][\/et_pb_column][\/et_pb_row][\/et_pb_section][et_pb_section fb_built=&#8220;1&#8243; admin_label=&#8220;References&#8220; module_id=&#8220;Erfolgsgeschichten&#8220; _builder_version=&#8220;4.24.0&#8243; _module_preset=&#8220;b0033daa-587e-4df5-8923-84a88e7f878e&#8220; background_color_gradient_stops=&#8220;gcid-cac6beee-0829-4b2e-8ce6-b78f64a8a6f9 0%|gcid-1543c0c0-fc66-45fc-859c-18eb6cdbc07b 100%&#8220; custom_padding=&#8220;||0vw||false|false&#8220; da_popup_slug=&#8220;Erfolgsgeschichten&#8220; da_disable_devices=&#8220;off|off|off&#8220; saved_tabs=&#8220;all&#8220; locked=&#8220;off&#8220; global_colors_info=&#8220;{%22gcid-b3d81f63-a079-4cba-9baf-5de18b24c75c%22:%91%22background_color_gradient_stops%22%93,%22gcid-251f80c9-1c09-41b2-b627-a432583ed076%22:%91%22background_color_gradient_stops%22%93,%22gcid-80d13553-8301-4214-b254-781099ffdfd3%22:%91%22background_color_gradient_stops%22%93,%22gcid-1c4dbd18-4ae4-4498-8d72-ca1b158a6fa4%22:%91%22background_color_gradient_stops%22%93,%22gcid-cac6beee-0829-4b2e-8ce6-b78f64a8a6f9%22:%91%22background_color_gradient_stops%22%93,%22gcid-e8cc8422-b2ee-4f8d-8ffd-62678c3e072e%22:%91%22background_color_gradient_stops%22%93,%22gcid-49ae2954-2be5-4dc9-9e28-2cacbe6effc4%22:%91%22background_color_gradient_stops%22%93,%22gcid-1543c0c0-fc66-45fc-859c-18eb6cdbc07b%22:%91%22background_color_gradient_stops%22%93}&#8220; da_is_popup=&#8220;off&#8220; da_exit_intent=&#8220;off&#8220; da_has_close=&#8220;on&#8220; da_alt_close=&#8220;off&#8220; da_dark_close=&#8220;off&#8220; da_not_modal=&#8220;on&#8220; da_is_singular=&#8220;off&#8220; da_with_loader=&#8220;off&#8220; da_has_shadow=&#8220;on&#8220;][et_pb_row _builder_version=&#8220;4.16&#8243; custom_padding=&#8220;40px|||||&#8220; global_colors_info=&#8220;{}&#8220;][et_pb_column type=&#8220;4_4&#8243; _builder_version=&#8220;4.16&#8243; custom_padding=&#8220;|||&#8220; global_colors_info=&#8220;{}&#8220; custom_padding__hover=&#8220;|||&#8220;][et_pb_text _builder_version=&#8220;4.22.1&#8243; _module_preset=&#8220;d5651242-e781-4e1c-b900-5b8fc65a80bf&#8220; text_line_height=&#8220;2em&#8220; text_orientation=&#8220;center&#8220; max_width=&#8220;700px&#8220; module_alignment=&#8220;center&#8220; custom_margin=&#8220;||-14px|||&#8220; custom_padding=&#8220;0px|||1px||&#8220; locked=&#8220;off&#8220; global_colors_info=&#8220;{}&#8220;]<\/p>\n<h4 style=\"text-align: center;\"><\/h4>\n<h3 style=\"text-align: center;\">Referenzen<\/h3>\n<p>[\/et_pb_text][\/et_pb_column][\/et_pb_row][et_pb_row _builder_version=&#8220;4.22.1&#8243; _module_preset=&#8220;default&#8220; max_width=&#8220;1600px&#8220; custom_padding=&#8220;||100px|||&#8220; global_colors_info=&#8220;{}&#8220;][et_pb_column type=&#8220;4_4&#8243; _builder_version=&#8220;4.22.1&#8243; _module_preset=&#8220;default&#8220; global_colors_info=&#8220;{}&#8220;][dipi_testimonial use_hide_rating=&#8220;on&#8220; use_hide_readmore=&#8220;on&#8220; use_hide_company=&#8220;on&#8220; use_hide_company_link=&#8220;on&#8220; use_hide_name=&#8220;on&#8220; review_length=&#8220;80&#8243; review_type=&#8220;on|off|off|off&#8220; use_show_popup_rating=&#8220;off&#8220; space_between=&#8220;5&#8243; container_padding=&#8220;0px|30px|0px|30px|false|false&#8220; loop=&#8220;on&#8220; autoplay=&#8220;on&#8220; autoplay_speed=&#8220;3000&#8243; navigation=&#8220;on&#8220; navigation_on_hover=&#8220;on&#8220; img_width=&#8220;70%&#8220; item_bg_color=&#8220;gcid-1543c0c0-fc66-45fc-859c-18eb6cdbc07b&#8220; _builder_version=&#8220;4.22.1&#8243; _module_preset=&#8220;default&#8220; testimonial_text_font=&#8220;||on||||||&#8220; testimonial_text_font_size=&#8220;12px&#8220; testimonial_text_line_height=&#8220;16px&#8220; background_color=&#8220;RGBA(255,255,255,0)&#8220; border_radii=&#8220;on|15px|15px|15px|15px&#8220; border_color_all=&#8220;#004E75&#8243; locked=&#8220;off&#8220; global_colors_info=&#8220;{%22gcid-1543c0c0-fc66-45fc-859c-18eb6cdbc07b%22:%91%22item_bg_color%22%93}&#8220;][\/dipi_testimonial][\/et_pb_column][\/et_pb_row][\/et_pb_section]<\/p>\n","protected":false},"excerpt":{"rendered":"<p>Personaldienstleistungen Mit unserer langj\u00e4hrigen Expertise in der Rekrutierung von Fach- und F\u00fchrungskr\u00e4ften, der Personalvermittlung und Arbeitnehmer\u00fcberlassung \u2013 speziell im Healthcare-Bereich \u2013 sind wir Ihr verl\u00e4sslicher Partner, wenn es darum geht, hochqualifizierte Mitarbeiter f\u00fcr Ihr Unternehmen zu finden. Als moderner, serviceorientierter Dienstleister f\u00fcr Unternehmen der Pharmaindustrie und des Gesundheitswesens legen wir besonderen Wert auf Teamwork, Kompetenz [&hellip;]<\/p>\n","protected":false},"author":1,"featured_media":0,"parent":1737,"menu_order":60,"comment_status":"closed","ping_status":"closed","template":"","meta":{"_et_pb_use_builder":"on","_et_pb_old_content":"","_et_gb_content_width":"","slim_seo":{"title":"Personaldienstleistungen - AMS Advanced Medical Services GmbH","description":"Personaldienstleistungen Mit unserer langj\u00e4hrigen Expertise in der Rekrutierung von Fach- und F\u00fchrungskr\u00e4ften, der Personalvermittlung und Arbeitnehmer\u00fcberlassu"},"footnotes":""},"dipi_cpt_category":[],"class_list":["post-2433","page","type-page","status-publish","hentry"],"_links":{"self":[{"href":"https:\/\/www.ams-europe.com\/de\/wp-json\/wp\/v2\/pages\/2433","targetHints":{"allow":["GET"]}}],"collection":[{"href":"https:\/\/www.ams-europe.com\/de\/wp-json\/wp\/v2\/pages"}],"about":[{"href":"https:\/\/www.ams-europe.com\/de\/wp-json\/wp\/v2\/types\/page"}],"author":[{"embeddable":true,"href":"https:\/\/www.ams-europe.com\/de\/wp-json\/wp\/v2\/users\/1"}],"replies":[{"embeddable":true,"href":"https:\/\/www.ams-europe.com\/de\/wp-json\/wp\/v2\/comments?post=2433"}],"version-history":[{"count":113,"href":"https:\/\/www.ams-europe.com\/de\/wp-json\/wp\/v2\/pages\/2433\/revisions"}],"predecessor-version":[{"id":11200,"href":"https:\/\/www.ams-europe.com\/de\/wp-json\/wp\/v2\/pages\/2433\/revisions\/11200"}],"up":[{"embeddable":true,"href":"https:\/\/www.ams-europe.com\/de\/wp-json\/wp\/v2\/pages\/1737"}],"wp:attachment":[{"href":"https:\/\/www.ams-europe.com\/de\/wp-json\/wp\/v2\/media?parent=2433"}],"wp:term":[{"taxonomy":"dipi_cpt_category","embeddable":true,"href":"https:\/\/www.ams-europe.com\/de\/wp-json\/wp\/v2\/dipi_cpt_category?post=2433"}],"curies":[{"name":"wp","href":"https:\/\/api.w.org\/{rel}","templated":true}]}}